{"id":1358,"date":"2024-05-24T20:37:31","date_gmt":"2024-05-24T17:37:31","guid":{"rendered":"https:\/\/dev.epik.fi\/?page_id=1358"},"modified":"2026-03-15T19:14:01","modified_gmt":"2026-03-15T17:14:01","slug":"westaviaairshow-lentonaytos-ohjelma","status":"publish","type":"page","link":"https:\/\/www.epik.fi\/index.php\/westaviaairshow-lentonaytos-ohjelma\/","title":{"rendered":"WEST AVIA AIRSHOW &amp; FLY IN 26.7.2026 : Ohjelma"},"content":{"rendered":"<div class=\"wp-block-buttons is-layout-flex wp-block-buttons-is-layout-flex\"><div class=\"wp-block-button\"><a class=\"wp-block-button__link wp-element-button\" href=\"https:\/\/www.epik.fi\/index.php\/west-aviaairshow\/\">Lenton\u00e4yt\u00f6ksen kotisivu<\/a><\/div><\/div><h3 class=\"wp-block-heading\">Lenton\u00e4yt\u00f6ksen ohjelma ja esitt\u00e4j\u00e4t<\/h3><p>Tervetuloa WEST AVIA AIRSHOW &amp; FLY IN tapahtumaan! T\u00e4st\u00e4 l\u00f6yd\u00e4t tapahtuman ohjelman ja aikataulun, joka sis\u00e4lt\u00e4\u00e4 j\u00e4nnitt\u00e4vi\u00e4 lentoesityksi\u00e4 ja paljon muuta viihdytt\u00e4v\u00e4\u00e4 koko perheelle. Huomioithan, ett\u00e4 ohjelmamuutokset ovat mahdollisia, joten seuraathan ajantasaisia ilmoituksia paikan p\u00e4\u00e4ll\u00e4. Nauti p\u00e4iv\u00e4st\u00e4si ja upeasta lenton\u00e4yt\u00f6ksest\u00e4!<\/p><h3 class=\"wp-block-heading\">Tarkempi ohjelma julkaistaan my\u00f6hemmin . Meill\u00e4 on jo lista esiintyjist\u00e4,  julkaisemme niit\u00e4 l\u00e4hemp\u00e4n\u00e4 tapahtumaa, stay tuned! <\/h3><div class=\"wp-block-stackable-divider stk-block-divider stk-block stk-b38f20a\" data-block-id=\"b38f20a\"><hr class=\"stk-block-divider__hr\"\/><\/div><h3 class=\"wp-block-heading\">Kuvia lenton\u00e4yt\u00f6ksen esiintyjist\u00e4 aiemmilta vuosilta <\/h3><p>(2026 n\u00e4yt\u00f6ksen osallistujat esitell\u00e4\u00e4n my\u00f6hemmin)<\/p><p>Tervetuloa WEST AVIA AIRSHOW &amp; FLY IN tapahtumaan! T\u00e4st\u00e4 l\u00f6yd\u00e4t tapahtuman ohjelman ja gallerian, joka esittelee upeita hetki\u00e4 lenton\u00e4yt\u00f6ksest\u00e4mme. Nautinnollisia esityksi\u00e4 on luvassa pitkin p\u00e4iv\u00e4\u00e4, joten varmista, ett\u00e4 olet paikalla ajoissa n\u00e4hdess\u00e4si suosikkiesiintyj\u00e4si taivaalla.<\/p>\n<!-- This file should primarily consist of HTML with a little bit of PHP. -->\n\r\n\r\n<div class=\"aigwl_grid_gallery container\">\r\n    <div class=\"aigwl_main\">\r\n                                <div class=\"aigwl_card\">\r\n                            <div class=\"aigwl-card-image  \">\r\n                                <a href=\"https:\/\/www.epik.fi\/wordpress\/wp-content\/uploads\/2024\/05\/VL_Viima_Ilmavoimien_sodan_aikainen_koulukone_960_px_levea_Kuva_Rich_Cooper_719x.jpg\" data-fancybox=\"aigwl_gallery\">\r\n                                    <img decoding=\"async\" class=\"grid_gallery_img\" src=\"https:\/\/www.epik.fi\/wordpress\/wp-content\/uploads\/2024\/05\/VL_Viima_Ilmavoimien_sodan_aikainen_koulukone_960_px_levea_Kuva_Rich_Cooper_719x.jpg\"\r\n                                        alt=\"\">\r\n                                                                                   \r\n                                <\/a>\r\n                            <\/div>\r\n                        <\/div>\r\n                                        <div class=\"aigwl_card\">\r\n                            <div class=\"aigwl-card-image  \">\r\n                                <a href=\"https:\/\/www.epik.fi\/wordpress\/wp-content\/uploads\/2024\/02\/TLSirius_Epik.jpeg\" data-fancybox=\"aigwl_gallery\">\r\n                                    <img decoding=\"async\" class=\"grid_gallery_img\" src=\"https:\/\/www.epik.fi\/wordpress\/wp-content\/uploads\/2024\/02\/TLSirius_Epik.jpeg\"\r\n                                        alt=\"\">\r\n                                                                                   \r\n                                <\/a>\r\n                            <\/div>\r\n                        <\/div>\r\n                                        <div class=\"aigwl_card\">\r\n                            <div class=\"aigwl-card-image  \">\r\n                                <a href=\"https:\/\/www.epik.fi\/wordpress\/wp-content\/uploads\/2024\/05\/250px-Saab_Safir_91D_OH-SFJ_5.jpg\" data-fancybox=\"aigwl_gallery\">\r\n                                    <img decoding=\"async\" class=\"grid_gallery_img\" src=\"https:\/\/www.epik.fi\/wordpress\/wp-content\/uploads\/2024\/05\/250px-Saab_Safir_91D_OH-SFJ_5.jpg\"\r\n                                        alt=\"\">\r\n                                                                                   \r\n                                <\/a>\r\n                            <\/div>\r\n                        <\/div>\r\n                                        <div class=\"aigwl_card\">\r\n                            <div class=\"aigwl-card-image  \">\r\n                                <a href=\"https:\/\/www.epik.fi\/wordpress\/wp-content\/uploads\/2024\/05\/Morko_Pits.jpg\" data-fancybox=\"aigwl_gallery\">\r\n                                    <img decoding=\"async\" class=\"grid_gallery_img\" src=\"https:\/\/www.epik.fi\/wordpress\/wp-content\/uploads\/2024\/05\/Morko_Pits.jpg\"\r\n                                        alt=\"\">\r\n                                                                                   \r\n                                <\/a>\r\n                            <\/div>\r\n                        <\/div>\r\n                                        <div class=\"aigwl_card\">\r\n                            <div class=\"aigwl-card-image  \">\r\n                                <a href=\"https:\/\/www.epik.fi\/wordpress\/wp-content\/uploads\/2024\/05\/jjk2657_-524x330-1.jpg\" data-fancybox=\"aigwl_gallery\">\r\n                                    <img decoding=\"async\" class=\"grid_gallery_img\" src=\"https:\/\/www.epik.fi\/wordpress\/wp-content\/uploads\/2024\/05\/jjk2657_-524x330-1.jpg\"\r\n                                        alt=\"\">\r\n                                                                                   \r\n                                <\/a>\r\n                            <\/div>\r\n                        <\/div>\r\n                                        <div class=\"aigwl_card\">\r\n                            <div class=\"aigwl-card-image  \">\r\n                                <a href=\"https:\/\/www.epik.fi\/wordpress\/wp-content\/uploads\/2024\/05\/yak_edit.jpg\" data-fancybox=\"aigwl_gallery\">\r\n                                    <img decoding=\"async\" class=\"grid_gallery_img\" src=\"https:\/\/www.epik.fi\/wordpress\/wp-content\/uploads\/2024\/05\/yak_edit.jpg\"\r\n                                        alt=\"\">\r\n                                                                                   \r\n                                <\/a>\r\n                            <\/div>\r\n                        <\/div>\r\n                                        <div class=\"aigwl_card\">\r\n                            <div class=\"aigwl-card-image  \">\r\n                                <a href=\"https:\/\/www.epik.fi\/wordpress\/wp-content\/uploads\/2024\/06\/Diamond-DA-62-optimized-cropped.webp\" data-fancybox=\"aigwl_gallery\">\r\n                                    <img decoding=\"async\" class=\"grid_gallery_img\" src=\"https:\/\/www.epik.fi\/wordpress\/wp-content\/uploads\/2024\/06\/Diamond-DA-62-optimized-cropped.webp\"\r\n                                        alt=\"\">\r\n                                                                                   \r\n                                <\/a>\r\n                            <\/div>\r\n                        <\/div>\r\n                    <\/div>\r\n<\/div><p>Kuvien tekij\u00e4noikeudet: Galleria-osuudessa olevat kuvat ja videot ovat tapahtuman j\u00e4rjest\u00e4jien sek\u00e4 nimettyjen valokuvaajien ja videokuvaajien omaisuutta.<\/p><h3 class=\"wp-block-heading\">Aluekartta<\/h3><figure class=\"wp-block-image size-full\"><img loading=\"lazy\" decoding=\"async\" width=\"1600\" height=\"1119\" src=\"https:\/\/www.epik.fi\/wordpress\/wp-content\/uploads\/2024\/07\/Ilmailupaiva_kartta.jpeg\" alt=\"\" class=\"wp-image-1612\" srcset=\"https:\/\/www.epik.fi\/wordpress\/wp-content\/uploads\/2024\/07\/Ilmailupaiva_kartta.jpeg 1600w, https:\/\/www.epik.fi\/wordpress\/wp-content\/uploads\/2024\/07\/Ilmailupaiva_kartta-600x420.jpeg 600w, https:\/\/www.epik.fi\/wordpress\/wp-content\/uploads\/2024\/07\/Ilmailupaiva_kartta-300x210.jpeg 300w, https:\/\/www.epik.fi\/wordpress\/wp-content\/uploads\/2024\/07\/Ilmailupaiva_kartta-1024x716.jpeg 1024w, https:\/\/www.epik.fi\/wordpress\/wp-content\/uploads\/2024\/07\/Ilmailupaiva_kartta-768x537.jpeg 768w, https:\/\/www.epik.fi\/wordpress\/wp-content\/uploads\/2024\/07\/Ilmailupaiva_kartta-1536x1074.jpeg 1536w\" sizes=\"(max-width: 1600px) 100vw, 1600px\" \/><\/figure><h3 class=\"wp-block-heading\">Tietoja esiintyjist\u00e4<\/h3><ul class=\"wp-block-list\"><li>Tiedot tulossa my\u00f6hemmin<\/li><\/ul>","protected":false},"excerpt":{"rendered":"<p>Lenton\u00e4yt\u00f6ksen ohjelma ja esitt\u00e4j\u00e4t Tervetuloa WEST AVIA AIRSHOW &amp; FLY IN tapahtumaan! T\u00e4st\u00e4 l\u00f6yd\u00e4t tapahtuman ohjelman ja aikataulun, joka sis\u00e4lt\u00e4\u00e4 j\u00e4nnitt\u00e4vi\u00e4 lentoesityksi\u00e4 ja paljon muuta viihdytt\u00e4v\u00e4\u00e4 koko perheelle. Huomioithan, ett\u00e4 ohjelmamuutokset ovat mahdollisia, joten seuraathan ajantasaisia ilmoituksia paikan p\u00e4\u00e4ll\u00e4. Nauti p\u00e4iv\u00e4st\u00e4si ja upeasta lenton\u00e4yt\u00f6ksest\u00e4! Tarkempi ohjelma julkaistaan my\u00f6hemmin . Meill\u00e4 on jo lista esiintyjist\u00e4, julkaisemme [&hellip;]<\/p>\n","protected":false},"author":1,"featured_media":0,"parent":0,"menu_order":0,"comment_status":"closed","ping_status":"closed","template":"","meta":{"_mc_calendar":[],"footnotes":""},"class_list":["post-1358","page","type-page","status-publish","hentry"],"yoast_head":"<!-- This site is optimized with the Yoast SEO plugin v25.1 - https:\/\/yoast.com\/wordpress\/plugins\/seo\/ -->\n<title>WEST AVIA AIRSHOW &amp; FLY IN 26.7.2026 : Ohjelma - EPIK<\/title>\n<meta name=\"description\" content=\"Koko perheen lenton\u00e4yt\u00f6s tarjoaa upean ohjelman, jossa on aikataulutettuja lenton\u00e4yt\u00f6ksi\u00e4. Tule nauttimaan j\u00e4nnitt\u00e4vist\u00e4 lentoesityksist\u00e4, ilmataistelun\u00e4yt\u00f6ksist\u00e4 ja historiallisten lentokoneiden esittelyist\u00e4. Tapahtuma sopii kaikenik\u00e4isille ja tarjoaa unohtumattomia el\u00e4myksi\u00e4 koko perheelle. Ohjelmasta l\u00f6ytyy tarkat tiedot lenton\u00e4yt\u00f6sten ajoista, joten voit suunnitella vierailusi helposti.\" \/>\n<meta name=\"robots\" content=\"index, follow, max-snippet:-1, max-image-preview:large, max-video-preview:-1\" \/>\n<link rel=\"canonical\" href=\"https:\/\/www.epik.fi\/index.php\/westaviaairshow-lentonaytos-ohjelma\/\" \/>\n<meta property=\"og:locale\" content=\"fi_FI\" \/>\n<meta property=\"og:type\" content=\"article\" \/>\n<meta property=\"og:title\" content=\"WEST AVIA AIRSHOW &amp; FLY IN 26.7.2026 : Ohjelma - EPIK\" \/>\n<meta property=\"og:description\" content=\"Koko perheen lenton\u00e4yt\u00f6s tarjoaa upean ohjelman, jossa on aikataulutettuja lenton\u00e4yt\u00f6ksi\u00e4. Tule nauttimaan j\u00e4nnitt\u00e4vist\u00e4 lentoesityksist\u00e4, ilmataistelun\u00e4yt\u00f6ksist\u00e4 ja historiallisten lentokoneiden esittelyist\u00e4. Tapahtuma sopii kaikenik\u00e4isille ja tarjoaa unohtumattomia el\u00e4myksi\u00e4 koko perheelle. Ohjelmasta l\u00f6ytyy tarkat tiedot lenton\u00e4yt\u00f6sten ajoista, joten voit suunnitella vierailusi helposti.\" \/>\n<meta property=\"og:url\" content=\"https:\/\/www.epik.fi\/index.php\/westaviaairshow-lentonaytos-ohjelma\/\" \/>\n<meta property=\"og:site_name\" content=\"EPIK\" \/>\n<meta property=\"article:publisher\" content=\"https:\/\/www.facebook.com\/EPilmailukerho\" \/>\n<meta property=\"article:modified_time\" content=\"2026-03-15T17:14:01+00:00\" \/>\n<meta property=\"og:image\" content=\"https:\/\/www.epik.fi\/wordpress\/wp-content\/uploads\/2024\/07\/Ilmailupaiva_kartta.jpeg\" \/>\n<meta name=\"twitter:card\" content=\"summary_large_image\" \/>\n<meta name=\"twitter:label1\" content=\"Arvioitu lukuaika\" \/>\n\t<meta name=\"twitter:data1\" content=\"1 minuutti\" \/>\n<script type=\"application\/ld+json\" class=\"yoast-schema-graph\">{\"@context\":\"https:\/\/schema.org\",\"@graph\":[{\"@type\":\"WebPage\",\"@id\":\"https:\/\/www.epik.fi\/index.php\/westaviaairshow-lentonaytos-ohjelma\/\",\"url\":\"https:\/\/www.epik.fi\/index.php\/westaviaairshow-lentonaytos-ohjelma\/\",\"name\":\"WEST AVIA AIRSHOW &amp; FLY IN 26.7.2026 : Ohjelma - EPIK\",\"isPartOf\":{\"@id\":\"https:\/\/www.epik.fi\/#website\"},\"primaryImageOfPage\":{\"@id\":\"https:\/\/www.epik.fi\/index.php\/westaviaairshow-lentonaytos-ohjelma\/#primaryimage\"},\"image\":{\"@id\":\"https:\/\/www.epik.fi\/index.php\/westaviaairshow-lentonaytos-ohjelma\/#primaryimage\"},\"thumbnailUrl\":\"https:\/\/www.epik.fi\/wordpress\/wp-content\/uploads\/2024\/07\/Ilmailupaiva_kartta.jpeg\",\"datePublished\":\"2024-05-24T17:37:31+00:00\",\"dateModified\":\"2026-03-15T17:14:01+00:00\",\"description\":\"Koko perheen lenton\u00e4yt\u00f6s tarjoaa upean ohjelman, jossa on aikataulutettuja lenton\u00e4yt\u00f6ksi\u00e4. Tule nauttimaan j\u00e4nnitt\u00e4vist\u00e4 lentoesityksist\u00e4, ilmataistelun\u00e4yt\u00f6ksist\u00e4 ja historiallisten lentokoneiden esittelyist\u00e4. Tapahtuma sopii kaikenik\u00e4isille ja tarjoaa unohtumattomia el\u00e4myksi\u00e4 koko perheelle. Ohjelmasta l\u00f6ytyy tarkat tiedot lenton\u00e4yt\u00f6sten ajoista, joten voit suunnitella vierailusi helposti.\",\"breadcrumb\":{\"@id\":\"https:\/\/www.epik.fi\/index.php\/westaviaairshow-lentonaytos-ohjelma\/#breadcrumb\"},\"inLanguage\":\"fi\",\"potentialAction\":[{\"@type\":\"ReadAction\",\"target\":[\"https:\/\/www.epik.fi\/index.php\/westaviaairshow-lentonaytos-ohjelma\/\"]}]},{\"@type\":\"ImageObject\",\"inLanguage\":\"fi\",\"@id\":\"https:\/\/www.epik.fi\/index.php\/westaviaairshow-lentonaytos-ohjelma\/#primaryimage\",\"url\":\"https:\/\/www.epik.fi\/wordpress\/wp-content\/uploads\/2024\/07\/Ilmailupaiva_kartta.jpeg\",\"contentUrl\":\"https:\/\/www.epik.fi\/wordpress\/wp-content\/uploads\/2024\/07\/Ilmailupaiva_kartta.jpeg\",\"width\":1600,\"height\":1119},{\"@type\":\"BreadcrumbList\",\"@id\":\"https:\/\/www.epik.fi\/index.php\/westaviaairshow-lentonaytos-ohjelma\/#breadcrumb\",\"itemListElement\":[{\"@type\":\"ListItem\",\"position\":1,\"name\":\"Etusivu\",\"item\":\"https:\/\/www.epik.fi\/\"},{\"@type\":\"ListItem\",\"position\":2,\"name\":\"WEST AVIA AIRSHOW &amp; FLY IN 26.7.2026 : Ohjelma\"}]},{\"@type\":\"WebSite\",\"@id\":\"https:\/\/www.epik.fi\/#website\",\"url\":\"https:\/\/www.epik.fi\/\",\"name\":\"EPIK\",\"description\":\"Sein\u00e4joen lentokent\u00e4ll\u00e4 toimiva ilmailukerho\",\"publisher\":{\"@id\":\"https:\/\/www.epik.fi\/#organization\"},\"potentialAction\":[{\"@type\":\"SearchAction\",\"target\":{\"@type\":\"EntryPoint\",\"urlTemplate\":\"https:\/\/www.epik.fi\/?s={search_term_string}\"},\"query-input\":{\"@type\":\"PropertyValueSpecification\",\"valueRequired\":true,\"valueName\":\"search_term_string\"}}],\"inLanguage\":\"fi\"},{\"@type\":\"Organization\",\"@id\":\"https:\/\/www.epik.fi\/#organization\",\"name\":\"EPIK\",\"url\":\"https:\/\/www.epik.fi\/\",\"logo\":{\"@type\":\"ImageObject\",\"inLanguage\":\"fi\",\"@id\":\"https:\/\/www.epik.fi\/#\/schema\/logo\/image\/\",\"url\":\"https:\/\/www.epik.fi\/wordpress\/wp-content\/uploads\/2023\/10\/Logo.jpg\",\"contentUrl\":\"https:\/\/www.epik.fi\/wordpress\/wp-content\/uploads\/2023\/10\/Logo.jpg\",\"width\":235,\"height\":234,\"caption\":\"EPIK\"},\"image\":{\"@id\":\"https:\/\/www.epik.fi\/#\/schema\/logo\/image\/\"},\"sameAs\":[\"https:\/\/www.facebook.com\/EPilmailukerho\"]}]}<\/script>\n<!-- \/ Yoast SEO plugin. -->","yoast_head_json":{"title":"WEST AVIA AIRSHOW &amp; FLY IN 26.7.2026 : Ohjelma - EPIK","description":"Koko perheen lenton\u00e4yt\u00f6s tarjoaa upean ohjelman, jossa on aikataulutettuja lenton\u00e4yt\u00f6ksi\u00e4. Tule nauttimaan j\u00e4nnitt\u00e4vist\u00e4 lentoesityksist\u00e4, ilmataistelun\u00e4yt\u00f6ksist\u00e4 ja historiallisten lentokoneiden esittelyist\u00e4. Tapahtuma sopii kaikenik\u00e4isille ja tarjoaa unohtumattomia el\u00e4myksi\u00e4 koko perheelle. Ohjelmasta l\u00f6ytyy tarkat tiedot lenton\u00e4yt\u00f6sten ajoista, joten voit suunnitella vierailusi helposti.","robots":{"index":"index","follow":"follow","max-snippet":"max-snippet:-1","max-image-preview":"max-image-preview:large","max-video-preview":"max-video-preview:-1"},"canonical":"https:\/\/www.epik.fi\/index.php\/westaviaairshow-lentonaytos-ohjelma\/","og_locale":"fi_FI","og_type":"article","og_title":"WEST AVIA AIRSHOW &amp; FLY IN 26.7.2026 : Ohjelma - EPIK","og_description":"Koko perheen lenton\u00e4yt\u00f6s tarjoaa upean ohjelman, jossa on aikataulutettuja lenton\u00e4yt\u00f6ksi\u00e4. Tule nauttimaan j\u00e4nnitt\u00e4vist\u00e4 lentoesityksist\u00e4, ilmataistelun\u00e4yt\u00f6ksist\u00e4 ja historiallisten lentokoneiden esittelyist\u00e4. Tapahtuma sopii kaikenik\u00e4isille ja tarjoaa unohtumattomia el\u00e4myksi\u00e4 koko perheelle. Ohjelmasta l\u00f6ytyy tarkat tiedot lenton\u00e4yt\u00f6sten ajoista, joten voit suunnitella vierailusi helposti.","og_url":"https:\/\/www.epik.fi\/index.php\/westaviaairshow-lentonaytos-ohjelma\/","og_site_name":"EPIK","article_publisher":"https:\/\/www.facebook.com\/EPilmailukerho","article_modified_time":"2026-03-15T17:14:01+00:00","og_image":[{"url":"https:\/\/www.epik.fi\/wordpress\/wp-content\/uploads\/2024\/07\/Ilmailupaiva_kartta.jpeg","type":"","width":"","height":""}],"twitter_card":"summary_large_image","twitter_misc":{"Arvioitu lukuaika":"1 minuutti"},"schema":{"@context":"https:\/\/schema.org","@graph":[{"@type":"WebPage","@id":"https:\/\/www.epik.fi\/index.php\/westaviaairshow-lentonaytos-ohjelma\/","url":"https:\/\/www.epik.fi\/index.php\/westaviaairshow-lentonaytos-ohjelma\/","name":"WEST AVIA AIRSHOW &amp; FLY IN 26.7.2026 : Ohjelma - EPIK","isPartOf":{"@id":"https:\/\/www.epik.fi\/#website"},"primaryImageOfPage":{"@id":"https:\/\/www.epik.fi\/index.php\/westaviaairshow-lentonaytos-ohjelma\/#primaryimage"},"image":{"@id":"https:\/\/www.epik.fi\/index.php\/westaviaairshow-lentonaytos-ohjelma\/#primaryimage"},"thumbnailUrl":"https:\/\/www.epik.fi\/wordpress\/wp-content\/uploads\/2024\/07\/Ilmailupaiva_kartta.jpeg","datePublished":"2024-05-24T17:37:31+00:00","dateModified":"2026-03-15T17:14:01+00:00","description":"Koko perheen lenton\u00e4yt\u00f6s tarjoaa upean ohjelman, jossa on aikataulutettuja lenton\u00e4yt\u00f6ksi\u00e4. Tule nauttimaan j\u00e4nnitt\u00e4vist\u00e4 lentoesityksist\u00e4, ilmataistelun\u00e4yt\u00f6ksist\u00e4 ja historiallisten lentokoneiden esittelyist\u00e4. Tapahtuma sopii kaikenik\u00e4isille ja tarjoaa unohtumattomia el\u00e4myksi\u00e4 koko perheelle. Ohjelmasta l\u00f6ytyy tarkat tiedot lenton\u00e4yt\u00f6sten ajoista, joten voit suunnitella vierailusi helposti.","breadcrumb":{"@id":"https:\/\/www.epik.fi\/index.php\/westaviaairshow-lentonaytos-ohjelma\/#breadcrumb"},"inLanguage":"fi","potentialAction":[{"@type":"ReadAction","target":["https:\/\/www.epik.fi\/index.php\/westaviaairshow-lentonaytos-ohjelma\/"]}]},{"@type":"ImageObject","inLanguage":"fi","@id":"https:\/\/www.epik.fi\/index.php\/westaviaairshow-lentonaytos-ohjelma\/#primaryimage","url":"https:\/\/www.epik.fi\/wordpress\/wp-content\/uploads\/2024\/07\/Ilmailupaiva_kartta.jpeg","contentUrl":"https:\/\/www.epik.fi\/wordpress\/wp-content\/uploads\/2024\/07\/Ilmailupaiva_kartta.jpeg","width":1600,"height":1119},{"@type":"BreadcrumbList","@id":"https:\/\/www.epik.fi\/index.php\/westaviaairshow-lentonaytos-ohjelma\/#breadcrumb","itemListElement":[{"@type":"ListItem","position":1,"name":"Etusivu","item":"https:\/\/www.epik.fi\/"},{"@type":"ListItem","position":2,"name":"WEST AVIA AIRSHOW &amp; FLY IN 26.7.2026 : Ohjelma"}]},{"@type":"WebSite","@id":"https:\/\/www.epik.fi\/#website","url":"https:\/\/www.epik.fi\/","name":"EPIK","description":"Sein\u00e4joen lentokent\u00e4ll\u00e4 toimiva ilmailukerho","publisher":{"@id":"https:\/\/www.epik.fi\/#organization"},"potentialAction":[{"@type":"SearchAction","target":{"@type":"EntryPoint","urlTemplate":"https:\/\/www.epik.fi\/?s={search_term_string}"},"query-input":{"@type":"PropertyValueSpecification","valueRequired":true,"valueName":"search_term_string"}}],"inLanguage":"fi"},{"@type":"Organization","@id":"https:\/\/www.epik.fi\/#organization","name":"EPIK","url":"https:\/\/www.epik.fi\/","logo":{"@type":"ImageObject","inLanguage":"fi","@id":"https:\/\/www.epik.fi\/#\/schema\/logo\/image\/","url":"https:\/\/www.epik.fi\/wordpress\/wp-content\/uploads\/2023\/10\/Logo.jpg","contentUrl":"https:\/\/www.epik.fi\/wordpress\/wp-content\/uploads\/2023\/10\/Logo.jpg","width":235,"height":234,"caption":"EPIK"},"image":{"@id":"https:\/\/www.epik.fi\/#\/schema\/logo\/image\/"},"sameAs":["https:\/\/www.facebook.com\/EPilmailukerho"]}]}},"_links":{"self":[{"href":"https:\/\/www.epik.fi\/index.php\/wp-json\/wp\/v2\/pages\/1358"}],"collection":[{"href":"https:\/\/www.epik.fi\/index.php\/wp-json\/wp\/v2\/pages"}],"about":[{"href":"https:\/\/www.epik.fi\/index.php\/wp-json\/wp\/v2\/types\/page"}],"author":[{"embeddable":true,"href":"https:\/\/www.epik.fi\/index.php\/wp-json\/wp\/v2\/users\/1"}],"replies":[{"embeddable":true,"href":"https:\/\/www.epik.fi\/index.php\/wp-json\/wp\/v2\/comments?post=1358"}],"version-history":[{"count":3,"href":"https:\/\/www.epik.fi\/index.php\/wp-json\/wp\/v2\/pages\/1358\/revisions"}],"predecessor-version":[{"id":2346,"href":"https:\/\/www.epik.fi\/index.php\/wp-json\/wp\/v2\/pages\/1358\/revisions\/2346"}],"wp:attachment":[{"href":"https:\/\/www.epik.fi\/index.php\/wp-json\/wp\/v2\/media?parent=1358"}],"curies":[{"name":"wp","href":"https:\/\/api.w.org\/{rel}","templated":true}]}}