{"id":1478,"date":"2024-05-25T09:21:30","date_gmt":"2024-05-25T06:21:30","guid":{"rendered":"https:\/\/dev.epik.fi\/?page_id=1478"},"modified":"2026-03-14T17:31:25","modified_gmt":"2026-03-14T15:31:25","slug":"westaviaairshow-tapahtuman-vastuuhenkilot-ja-ensiapu","status":"publish","type":"page","link":"https:\/\/www.epik.fi\/index.php\/westaviaairshow-tapahtuman-vastuuhenkilot-ja-ensiapu\/","title":{"rendered":"WEST AVIAAIRSHOW : Tapahtuman vastuuhenkil\u00f6t ja ensiapu"},"content":{"rendered":"<div class=\"wp-block-buttons is-layout-flex wp-block-buttons-is-layout-flex\"><div class=\"wp-block-button\"><a class=\"wp-block-button__link wp-element-button\" href=\"https:\/\/www.epik.fi\/index.php\/west-aviaairshow\/\">Lenton\u00e4yt\u00f6ksen kotisivu<\/a><\/div><\/div><p>Lenton\u00e4yt\u00f6ksen verkkosivun osio, joka esittelee tapahtuman vastuuhenkil\u00f6t ja ensiapupalvelut. Tutustu tapahtuman j\u00e4rjest\u00e4jiin ja varmista, ett\u00e4 tied\u00e4t kenelt\u00e4 kysy\u00e4 apua paikan p\u00e4\u00e4ll\u00e4. Ensimm\u00e4isen\u00e4 avun tarjoavat ensiapupisteet ja koulutettu henkil\u00f6st\u00f6 takaavat turvallisen ja nautinnollisen kokemuksen kaikille osallistujille.<\/p><h3 class=\"wp-block-heading\">Tapahtuman j\u00e4rjest\u00e4j\u00e4 ja vastuuhenkil\u00f6t<\/h3><ul class=\"wp-block-list\"><li><strong>J\u00e4rjest\u00e4j\u00e4:<\/strong> Etel\u00e4-Pohjanmaan ilmailukerho, Puheenjohtaja; Heikki Ala-Mursula<\/li>\n\n<li><strong>Lenton\u00e4yt\u00f6ksen johtaja:<\/strong> Petri Lepist\u00f6<\/li>\n\n<li><strong>Tapahtuman johtaja:<\/strong> Timo Ristim\u00e4ki<\/li>\n\n<li><strong>Turvallisuus vastaava:<\/strong> Timo Ristim\u00e4ki<\/li>\n\n<li><strong>Vapaaehtoisty\u00f6n koordinaattori:<\/strong> Heikki Ala-Mursula<\/li><\/ul><h3 class=\"wp-block-heading\">Ensiapu<\/h3><p>Paikalla on SPR Ensiapu ja l\u00e4\u00e4k\u00e4ri tarvittaessa<\/p><h3 class=\"wp-block-heading\">Pelastuskartta\/Kokontumispiste<\/h3><figure class=\"wp-block-image size-large\"><img loading=\"lazy\" decoding=\"async\" width=\"1024\" height=\"656\" src=\"https:\/\/www.epik.fi\/wordpress\/wp-content\/uploads\/2024\/06\/Pelastus-1024x656.jpg\" alt=\"\" class=\"wp-image-1574\" srcset=\"https:\/\/www.epik.fi\/wordpress\/wp-content\/uploads\/2024\/06\/Pelastus-1024x656.jpg 1024w, https:\/\/www.epik.fi\/wordpress\/wp-content\/uploads\/2024\/06\/Pelastus-600x384.jpg 600w, https:\/\/www.epik.fi\/wordpress\/wp-content\/uploads\/2024\/06\/Pelastus-300x192.jpg 300w, https:\/\/www.epik.fi\/wordpress\/wp-content\/uploads\/2024\/06\/Pelastus-768x492.jpg 768w, https:\/\/www.epik.fi\/wordpress\/wp-content\/uploads\/2024\/06\/Pelastus-1536x984.jpg 1536w, https:\/\/www.epik.fi\/wordpress\/wp-content\/uploads\/2024\/06\/Pelastus.jpg 1600w\" sizes=\"(max-width: 1024px) 100vw, 1024px\" \/><\/figure>","protected":false},"excerpt":{"rendered":"<p>Lenton\u00e4yt\u00f6ksen verkkosivun osio, joka esittelee tapahtuman vastuuhenkil\u00f6t ja ensiapupalvelut. Tutustu tapahtuman j\u00e4rjest\u00e4jiin ja varmista, ett\u00e4 tied\u00e4t kenelt\u00e4 kysy\u00e4 apua paikan p\u00e4\u00e4ll\u00e4. Ensimm\u00e4isen\u00e4 avun tarjoavat ensiapupisteet ja koulutettu henkil\u00f6st\u00f6 takaavat turvallisen ja nautinnollisen kokemuksen kaikille osallistujille. Tapahtuman j\u00e4rjest\u00e4j\u00e4 ja vastuuhenkil\u00f6t Ensiapu Paikalla on SPR Ensiapu ja l\u00e4\u00e4k\u00e4ri tarvittaessa Pelastuskartta\/Kokontumispiste<\/p>\n","protected":false},"author":1,"featured_media":0,"parent":0,"menu_order":0,"comment_status":"closed","ping_status":"closed","template":"","meta":{"_mc_calendar":[],"footnotes":""},"class_list":["post-1478","page","type-page","status-publish","hentry"],"yoast_head":"<!-- This site is optimized with the Yoast SEO plugin v25.1 - https:\/\/yoast.com\/wordpress\/plugins\/seo\/ -->\n<title>WEST AVIAAIRSHOW : Tapahtuman vastuuhenkil\u00f6t ja ensiapu - EPIK<\/title>\n<meta name=\"description\" content=\"Koko perheen lenton\u00e4yt\u00f6ksen verkkosivun osio, joka esittelee tapahtuman vastuuhenkil\u00f6t ja ensiapupalvelut. Tutustu tapahtuman j\u00e4rjest\u00e4jiin ja varmista, ett\u00e4 tied\u00e4t kenelt\u00e4 kysy\u00e4 apua paikan p\u00e4\u00e4ll\u00e4. Ensimm\u00e4isen\u00e4 avun tarjoavat ensiapupisteet ja koulutettu henkil\u00f6st\u00f6 takaavat turvallisen ja nautinnollisen kokemuksen kaikille osallistujille.\" \/>\n<meta name=\"robots\" content=\"index, follow, max-snippet:-1, max-image-preview:large, max-video-preview:-1\" \/>\n<link rel=\"canonical\" href=\"https:\/\/www.epik.fi\/index.php\/westaviaairshow-tapahtuman-vastuuhenkilot-ja-ensiapu\/\" \/>\n<meta property=\"og:locale\" content=\"fi_FI\" \/>\n<meta property=\"og:type\" content=\"article\" \/>\n<meta property=\"og:title\" content=\"WEST AVIAAIRSHOW : Tapahtuman vastuuhenkil\u00f6t ja ensiapu - EPIK\" \/>\n<meta property=\"og:description\" content=\"Koko perheen lenton\u00e4yt\u00f6ksen verkkosivun osio, joka esittelee tapahtuman vastuuhenkil\u00f6t ja ensiapupalvelut. Tutustu tapahtuman j\u00e4rjest\u00e4jiin ja varmista, ett\u00e4 tied\u00e4t kenelt\u00e4 kysy\u00e4 apua paikan p\u00e4\u00e4ll\u00e4. Ensimm\u00e4isen\u00e4 avun tarjoavat ensiapupisteet ja koulutettu henkil\u00f6st\u00f6 takaavat turvallisen ja nautinnollisen kokemuksen kaikille osallistujille.\" \/>\n<meta property=\"og:url\" content=\"https:\/\/www.epik.fi\/index.php\/westaviaairshow-tapahtuman-vastuuhenkilot-ja-ensiapu\/\" \/>\n<meta property=\"og:site_name\" content=\"EPIK\" \/>\n<meta property=\"article:publisher\" content=\"https:\/\/www.facebook.com\/EPilmailukerho\" \/>\n<meta property=\"article:modified_time\" content=\"2026-03-14T15:31:25+00:00\" \/>\n<meta property=\"og:image\" content=\"https:\/\/www.epik.fi\/wordpress\/wp-content\/uploads\/2024\/06\/Pelastus.jpg\" \/>\n\t<meta property=\"og:image:width\" content=\"1600\" \/>\n\t<meta property=\"og:image:height\" content=\"1025\" \/>\n\t<meta property=\"og:image:type\" content=\"image\/jpeg\" \/>\n<meta name=\"twitter:card\" content=\"summary_large_image\" \/>\n<meta name=\"twitter:label1\" content=\"Arvioitu lukuaika\" \/>\n\t<meta name=\"twitter:data1\" content=\"1 minuutti\" \/>\n<script type=\"application\/ld+json\" class=\"yoast-schema-graph\">{\"@context\":\"https:\/\/schema.org\",\"@graph\":[{\"@type\":\"WebPage\",\"@id\":\"https:\/\/www.epik.fi\/index.php\/westaviaairshow-tapahtuman-vastuuhenkilot-ja-ensiapu\/\",\"url\":\"https:\/\/www.epik.fi\/index.php\/westaviaairshow-tapahtuman-vastuuhenkilot-ja-ensiapu\/\",\"name\":\"WEST AVIAAIRSHOW : Tapahtuman vastuuhenkil\u00f6t ja ensiapu - EPIK\",\"isPartOf\":{\"@id\":\"https:\/\/www.epik.fi\/#website\"},\"primaryImageOfPage\":{\"@id\":\"https:\/\/www.epik.fi\/index.php\/westaviaairshow-tapahtuman-vastuuhenkilot-ja-ensiapu\/#primaryimage\"},\"image\":{\"@id\":\"https:\/\/www.epik.fi\/index.php\/westaviaairshow-tapahtuman-vastuuhenkilot-ja-ensiapu\/#primaryimage\"},\"thumbnailUrl\":\"https:\/\/www.epik.fi\/wordpress\/wp-content\/uploads\/2024\/06\/Pelastus-1024x656.jpg\",\"datePublished\":\"2024-05-25T06:21:30+00:00\",\"dateModified\":\"2026-03-14T15:31:25+00:00\",\"description\":\"Koko perheen lenton\u00e4yt\u00f6ksen verkkosivun osio, joka esittelee tapahtuman vastuuhenkil\u00f6t ja ensiapupalvelut. Tutustu tapahtuman j\u00e4rjest\u00e4jiin ja varmista, ett\u00e4 tied\u00e4t kenelt\u00e4 kysy\u00e4 apua paikan p\u00e4\u00e4ll\u00e4. Ensimm\u00e4isen\u00e4 avun tarjoavat ensiapupisteet ja koulutettu henkil\u00f6st\u00f6 takaavat turvallisen ja nautinnollisen kokemuksen kaikille osallistujille.\",\"breadcrumb\":{\"@id\":\"https:\/\/www.epik.fi\/index.php\/westaviaairshow-tapahtuman-vastuuhenkilot-ja-ensiapu\/#breadcrumb\"},\"inLanguage\":\"fi\",\"potentialAction\":[{\"@type\":\"ReadAction\",\"target\":[\"https:\/\/www.epik.fi\/index.php\/westaviaairshow-tapahtuman-vastuuhenkilot-ja-ensiapu\/\"]}]},{\"@type\":\"ImageObject\",\"inLanguage\":\"fi\",\"@id\":\"https:\/\/www.epik.fi\/index.php\/westaviaairshow-tapahtuman-vastuuhenkilot-ja-ensiapu\/#primaryimage\",\"url\":\"https:\/\/www.epik.fi\/wordpress\/wp-content\/uploads\/2024\/06\/Pelastus.jpg\",\"contentUrl\":\"https:\/\/www.epik.fi\/wordpress\/wp-content\/uploads\/2024\/06\/Pelastus.jpg\",\"width\":1600,\"height\":1025},{\"@type\":\"BreadcrumbList\",\"@id\":\"https:\/\/www.epik.fi\/index.php\/westaviaairshow-tapahtuman-vastuuhenkilot-ja-ensiapu\/#breadcrumb\",\"itemListElement\":[{\"@type\":\"ListItem\",\"position\":1,\"name\":\"Etusivu\",\"item\":\"https:\/\/www.epik.fi\/\"},{\"@type\":\"ListItem\",\"position\":2,\"name\":\"WEST AVIAAIRSHOW : Tapahtuman vastuuhenkil\u00f6t ja ensiapu\"}]},{\"@type\":\"WebSite\",\"@id\":\"https:\/\/www.epik.fi\/#website\",\"url\":\"https:\/\/www.epik.fi\/\",\"name\":\"EPIK\",\"description\":\"Sein\u00e4joen lentokent\u00e4ll\u00e4 toimiva ilmailukerho\",\"publisher\":{\"@id\":\"https:\/\/www.epik.fi\/#organization\"},\"potentialAction\":[{\"@type\":\"SearchAction\",\"target\":{\"@type\":\"EntryPoint\",\"urlTemplate\":\"https:\/\/www.epik.fi\/?s={search_term_string}\"},\"query-input\":{\"@type\":\"PropertyValueSpecification\",\"valueRequired\":true,\"valueName\":\"search_term_string\"}}],\"inLanguage\":\"fi\"},{\"@type\":\"Organization\",\"@id\":\"https:\/\/www.epik.fi\/#organization\",\"name\":\"EPIK\",\"url\":\"https:\/\/www.epik.fi\/\",\"logo\":{\"@type\":\"ImageObject\",\"inLanguage\":\"fi\",\"@id\":\"https:\/\/www.epik.fi\/#\/schema\/logo\/image\/\",\"url\":\"https:\/\/www.epik.fi\/wordpress\/wp-content\/uploads\/2023\/10\/Logo.jpg\",\"contentUrl\":\"https:\/\/www.epik.fi\/wordpress\/wp-content\/uploads\/2023\/10\/Logo.jpg\",\"width\":235,\"height\":234,\"caption\":\"EPIK\"},\"image\":{\"@id\":\"https:\/\/www.epik.fi\/#\/schema\/logo\/image\/\"},\"sameAs\":[\"https:\/\/www.facebook.com\/EPilmailukerho\"]}]}<\/script>\n<!-- \/ Yoast SEO plugin. -->","yoast_head_json":{"title":"WEST AVIAAIRSHOW : Tapahtuman vastuuhenkil\u00f6t ja ensiapu - EPIK","description":"Koko perheen lenton\u00e4yt\u00f6ksen verkkosivun osio, joka esittelee tapahtuman vastuuhenkil\u00f6t ja ensiapupalvelut. Tutustu tapahtuman j\u00e4rjest\u00e4jiin ja varmista, ett\u00e4 tied\u00e4t kenelt\u00e4 kysy\u00e4 apua paikan p\u00e4\u00e4ll\u00e4. Ensimm\u00e4isen\u00e4 avun tarjoavat ensiapupisteet ja koulutettu henkil\u00f6st\u00f6 takaavat turvallisen ja nautinnollisen kokemuksen kaikille osallistujille.","robots":{"index":"index","follow":"follow","max-snippet":"max-snippet:-1","max-image-preview":"max-image-preview:large","max-video-preview":"max-video-preview:-1"},"canonical":"https:\/\/www.epik.fi\/index.php\/westaviaairshow-tapahtuman-vastuuhenkilot-ja-ensiapu\/","og_locale":"fi_FI","og_type":"article","og_title":"WEST AVIAAIRSHOW : Tapahtuman vastuuhenkil\u00f6t ja ensiapu - EPIK","og_description":"Koko perheen lenton\u00e4yt\u00f6ksen verkkosivun osio, joka esittelee tapahtuman vastuuhenkil\u00f6t ja ensiapupalvelut. Tutustu tapahtuman j\u00e4rjest\u00e4jiin ja varmista, ett\u00e4 tied\u00e4t kenelt\u00e4 kysy\u00e4 apua paikan p\u00e4\u00e4ll\u00e4. Ensimm\u00e4isen\u00e4 avun tarjoavat ensiapupisteet ja koulutettu henkil\u00f6st\u00f6 takaavat turvallisen ja nautinnollisen kokemuksen kaikille osallistujille.","og_url":"https:\/\/www.epik.fi\/index.php\/westaviaairshow-tapahtuman-vastuuhenkilot-ja-ensiapu\/","og_site_name":"EPIK","article_publisher":"https:\/\/www.facebook.com\/EPilmailukerho","article_modified_time":"2026-03-14T15:31:25+00:00","og_image":[{"width":1600,"height":1025,"url":"https:\/\/www.epik.fi\/wordpress\/wp-content\/uploads\/2024\/06\/Pelastus.jpg","type":"image\/jpeg"}],"twitter_card":"summary_large_image","twitter_misc":{"Arvioitu lukuaika":"1 minuutti"},"schema":{"@context":"https:\/\/schema.org","@graph":[{"@type":"WebPage","@id":"https:\/\/www.epik.fi\/index.php\/westaviaairshow-tapahtuman-vastuuhenkilot-ja-ensiapu\/","url":"https:\/\/www.epik.fi\/index.php\/westaviaairshow-tapahtuman-vastuuhenkilot-ja-ensiapu\/","name":"WEST AVIAAIRSHOW : Tapahtuman vastuuhenkil\u00f6t ja ensiapu - EPIK","isPartOf":{"@id":"https:\/\/www.epik.fi\/#website"},"primaryImageOfPage":{"@id":"https:\/\/www.epik.fi\/index.php\/westaviaairshow-tapahtuman-vastuuhenkilot-ja-ensiapu\/#primaryimage"},"image":{"@id":"https:\/\/www.epik.fi\/index.php\/westaviaairshow-tapahtuman-vastuuhenkilot-ja-ensiapu\/#primaryimage"},"thumbnailUrl":"https:\/\/www.epik.fi\/wordpress\/wp-content\/uploads\/2024\/06\/Pelastus-1024x656.jpg","datePublished":"2024-05-25T06:21:30+00:00","dateModified":"2026-03-14T15:31:25+00:00","description":"Koko perheen lenton\u00e4yt\u00f6ksen verkkosivun osio, joka esittelee tapahtuman vastuuhenkil\u00f6t ja ensiapupalvelut. Tutustu tapahtuman j\u00e4rjest\u00e4jiin ja varmista, ett\u00e4 tied\u00e4t kenelt\u00e4 kysy\u00e4 apua paikan p\u00e4\u00e4ll\u00e4. Ensimm\u00e4isen\u00e4 avun tarjoavat ensiapupisteet ja koulutettu henkil\u00f6st\u00f6 takaavat turvallisen ja nautinnollisen kokemuksen kaikille osallistujille.","breadcrumb":{"@id":"https:\/\/www.epik.fi\/index.php\/westaviaairshow-tapahtuman-vastuuhenkilot-ja-ensiapu\/#breadcrumb"},"inLanguage":"fi","potentialAction":[{"@type":"ReadAction","target":["https:\/\/www.epik.fi\/index.php\/westaviaairshow-tapahtuman-vastuuhenkilot-ja-ensiapu\/"]}]},{"@type":"ImageObject","inLanguage":"fi","@id":"https:\/\/www.epik.fi\/index.php\/westaviaairshow-tapahtuman-vastuuhenkilot-ja-ensiapu\/#primaryimage","url":"https:\/\/www.epik.fi\/wordpress\/wp-content\/uploads\/2024\/06\/Pelastus.jpg","contentUrl":"https:\/\/www.epik.fi\/wordpress\/wp-content\/uploads\/2024\/06\/Pelastus.jpg","width":1600,"height":1025},{"@type":"BreadcrumbList","@id":"https:\/\/www.epik.fi\/index.php\/westaviaairshow-tapahtuman-vastuuhenkilot-ja-ensiapu\/#breadcrumb","itemListElement":[{"@type":"ListItem","position":1,"name":"Etusivu","item":"https:\/\/www.epik.fi\/"},{"@type":"ListItem","position":2,"name":"WEST AVIAAIRSHOW : Tapahtuman vastuuhenkil\u00f6t ja ensiapu"}]},{"@type":"WebSite","@id":"https:\/\/www.epik.fi\/#website","url":"https:\/\/www.epik.fi\/","name":"EPIK","description":"Sein\u00e4joen lentokent\u00e4ll\u00e4 toimiva ilmailukerho","publisher":{"@id":"https:\/\/www.epik.fi\/#organization"},"potentialAction":[{"@type":"SearchAction","target":{"@type":"EntryPoint","urlTemplate":"https:\/\/www.epik.fi\/?s={search_term_string}"},"query-input":{"@type":"PropertyValueSpecification","valueRequired":true,"valueName":"search_term_string"}}],"inLanguage":"fi"},{"@type":"Organization","@id":"https:\/\/www.epik.fi\/#organization","name":"EPIK","url":"https:\/\/www.epik.fi\/","logo":{"@type":"ImageObject","inLanguage":"fi","@id":"https:\/\/www.epik.fi\/#\/schema\/logo\/image\/","url":"https:\/\/www.epik.fi\/wordpress\/wp-content\/uploads\/2023\/10\/Logo.jpg","contentUrl":"https:\/\/www.epik.fi\/wordpress\/wp-content\/uploads\/2023\/10\/Logo.jpg","width":235,"height":234,"caption":"EPIK"},"image":{"@id":"https:\/\/www.epik.fi\/#\/schema\/logo\/image\/"},"sameAs":["https:\/\/www.facebook.com\/EPilmailukerho"]}]}},"_links":{"self":[{"href":"https:\/\/www.epik.fi\/index.php\/wp-json\/wp\/v2\/pages\/1478"}],"collection":[{"href":"https:\/\/www.epik.fi\/index.php\/wp-json\/wp\/v2\/pages"}],"about":[{"href":"https:\/\/www.epik.fi\/index.php\/wp-json\/wp\/v2\/types\/page"}],"author":[{"embeddable":true,"href":"https:\/\/www.epik.fi\/index.php\/wp-json\/wp\/v2\/users\/1"}],"replies":[{"embeddable":true,"href":"https:\/\/www.epik.fi\/index.php\/wp-json\/wp\/v2\/comments?post=1478"}],"version-history":[{"count":3,"href":"https:\/\/www.epik.fi\/index.php\/wp-json\/wp\/v2\/pages\/1478\/revisions"}],"predecessor-version":[{"id":2299,"href":"https:\/\/www.epik.fi\/index.php\/wp-json\/wp\/v2\/pages\/1478\/revisions\/2299"}],"wp:attachment":[{"href":"https:\/\/www.epik.fi\/index.php\/wp-json\/wp\/v2\/media?parent=1478"}],"curies":[{"name":"wp","href":"https:\/\/api.w.org\/{rel}","templated":true}]}}